{"id":8092,"date":"2023-04-18T08:46:01","date_gmt":"2023-04-18T08:46:01","guid":{"rendered":"https:\/\/stekerr.com\/?page_id=8092"},"modified":"2023-04-19T07:53:50","modified_gmt":"2023-04-19T07:53:50","slug":"stekerr-p2-osvojio-prestiznu-dizajnersku-nagradu-if-award-2023","status":"publish","type":"page","link":"https:\/\/stekerr.com\/hr\/stekerr-p2-osvojio-prestiznu-dizajnersku-nagradu-if-award-2023\/","title":{"rendered":"Stekerr P2 osvojio presti\u017enu dizajnersku nagradu iF Award 2023"},"content":{"rendered":"\t\t<div data-elementor-type=\"wp-page\" data-elementor-id=\"8092\" class=\"elementor elementor-8092\">\n\t\t\t\t\t\t\t\t\t<section class=\"elementor-section elementor-top-section elementor-element elementor-element-0be1f30 elementor-section-stretched elementor-section-boxed elementor-section-height-default elementor-section-height-default\" data-id=\"0be1f30\" data-element_type=\"section\" data-settings=\"{&quot;stretch_section&quot;:&quot;section-stretched&quot;,&quot;background_background&quot;:&quot;classic&quot;}\">\n\t\t\t\t\t\t\t<div class=\"elementor-background-overlay\"><\/div>\n\t\t\t\t\t\t\t<div class=\"elementor-container elementor-column-gap-default\">\n\t\t\t\t\t<div class=\"elementor-column elementor-col-100 elementor-top-column elementor-element elementor-element-23ee258\" data-id=\"23ee258\" data-element_type=\"column\">\n\t\t\t<div class=\"elementor-widget-wrap elementor-element-populated\">\n\t\t\t\t\t\t\t\t<div class=\"elementor-element elementor-element-e170d89 elementor-widget elementor-widget-heading\" data-id=\"e170d89\" data-element_type=\"widget\" data-widget_type=\"heading.default\">\n\t\t\t\t<div class=\"elementor-widget-container\">\n\t\t\t<style>\/*! elementor - v3.13.1 - 09-05-2023 *\/\n.elementor-heading-title{padding:0;margin:0;line-height:1}.elementor-widget-heading .elementor-heading-title[class*=elementor-size-]>a{color:inherit;font-size:inherit;line-height:inherit}.elementor-widget-heading .elementor-heading-title.elementor-size-small{font-size:15px}.elementor-widget-heading .elementor-heading-title.elementor-size-medium{font-size:19px}.elementor-widget-heading .elementor-heading-title.elementor-size-large{font-size:29px}.elementor-widget-heading .elementor-heading-title.elementor-size-xl{font-size:39px}.elementor-widget-heading .elementor-heading-title.elementor-size-xxl{font-size:59px}<\/style><span class=\"elementor-heading-title elementor-size-default\">iF Design Award 2023<\/span>\t\t<\/div>\n\t\t\t\t<\/div>\n\t\t\t\t<div class=\"elementor-element elementor-element-a084463 elementor-widget elementor-widget-heading\" data-id=\"a084463\" data-element_type=\"widget\" data-widget_type=\"heading.default\">\n\t\t\t\t<div class=\"elementor-widget-container\">\n\t\t\t<h2 class=\"elementor-heading-title elementor-size-default\">Stekerr P2 osvojio presti\u017enu dizajnersku nagradu iF Award 2023<\/h2>\t\t<\/div>\n\t\t\t\t<\/div>\n\t\t\t\t<div class=\"elementor-element elementor-element-94b5cc8 elementor-widget elementor-widget-text-editor\" data-id=\"94b5cc8\" data-element_type=\"widget\" data-widget_type=\"text-editor.default\">\n\t\t\t\t<div class=\"elementor-widget-container\">\n\t\t\t<style>\/*! elementor - v3.13.1 - 09-05-2023 *\/\n.elementor-widget-text-editor.elementor-drop-cap-view-stacked .elementor-drop-cap{background-color:#69727d;color:#fff}.elementor-widget-text-editor.elementor-drop-cap-view-framed .elementor-drop-cap{color:#69727d;border:3px solid;background-color:transparent}.elementor-widget-text-editor:not(.elementor-drop-cap-view-default) .elementor-drop-cap{margin-top:8px}.elementor-widget-text-editor:not(.elementor-drop-cap-view-default) .elementor-drop-cap-letter{width:1em;height:1em}.elementor-widget-text-editor .elementor-drop-cap{float:left;text-align:center;line-height:1;font-size:50px}.elementor-widget-text-editor .elementor-drop-cap-letter{display:inline-block}<\/style>\t\t\t\t<p>Izvrsnost dizajna punionice elektri\u010dnih vozila integrirane u rasvjetni stup prepoznata je na me\u0111unarodnoj razini.<\/p>\t\t\t\t\t\t<\/div>\n\t\t\t\t<\/div>\n\t\t\t\t\t<\/div>\n\t\t<\/div>\n\t\t\t\t\t\t\t<\/div>\n\t\t<\/section>\n\t\t\t\t<section class=\"elementor-section elementor-top-section elementor-element elementor-element-873c672 elementor-section-full_width elementor-section-content-top elementor-section-stretched elementor-section-height-default elementor-section-height-default\" data-id=\"873c672\" data-element_type=\"section\" data-settings=\"{&quot;stretch_section&quot;:&quot;section-stretched&quot;}\">\n\t\t\t\t\t\t<div class=\"elementor-container elementor-column-gap-default\">\n\t\t\t\t\t<div class=\"elementor-column elementor-col-100 elementor-top-column elementor-element elementor-element-21b6236\" data-id=\"21b6236\" data-element_type=\"column\">\n\t\t\t<div class=\"elementor-widget-wrap elementor-element-populated\">\n\t\t\t\t\t\t\t\t<div class=\"elementor-element elementor-element-0e5149d elementor-widget elementor-widget-image\" data-id=\"0e5149d\" data-element_type=\"widget\" data-widget_type=\"image.default\">\n\t\t\t\t<div class=\"elementor-widget-container\">\n\t\t\t<style>\/*! elementor - v3.13.1 - 09-05-2023 *\/\n.elementor-widget-image{text-align:center}.elementor-widget-image a{display:inline-block}.elementor-widget-image a img[src$=\".svg\"]{width:48px}.elementor-widget-image img{vertical-align:middle;display:inline-block}<\/style>\t\t\t\t\t\t\t\t\t\t\t\t<img loading=\"lazy\" decoding=\"async\" width=\"1024\" height=\"89\" src=\"https:\/\/stekerr.com\/wp-content\/uploads\/2022\/12\/shape-1024x89.webp\" class=\"attachment-large size-large wp-image-711\" alt=\"\" srcset=\"https:\/\/stekerr.com\/wp-content\/uploads\/2022\/12\/shape-1024x89.webp 1024w, https:\/\/stekerr.com\/wp-content\/uploads\/2022\/12\/shape-300x26.webp 300w, https:\/\/stekerr.com\/wp-content\/uploads\/2022\/12\/shape-768x67.webp 768w, https:\/\/stekerr.com\/wp-content\/uploads\/2022\/12\/shape-1536x133.webp 1536w, https:\/\/stekerr.com\/wp-content\/uploads\/2022\/12\/shape-2048x178.webp 2048w\" sizes=\"auto, (max-width: 1024px) 100vw, 1024px\" \/>\t\t\t\t\t\t\t\t\t\t\t\t\t\t\t<\/div>\n\t\t\t\t<\/div>\n\t\t\t\t\t<\/div>\n\t\t<\/div>\n\t\t\t\t\t\t\t<\/div>\n\t\t<\/section>\n\t\t\t\t<section class=\"elementor-section elementor-top-section elementor-element elementor-element-d90fb3b elementor-section-boxed elementor-section-height-default elementor-section-height-default\" data-id=\"d90fb3b\" data-element_type=\"section\">\n\t\t\t\t\t\t<div class=\"elementor-container elementor-column-gap-default\">\n\t\t\t\t\t<div class=\"elementor-column elementor-col-25 elementor-top-column elementor-element elementor-element-06cd0ea\" data-id=\"06cd0ea\" data-element_type=\"column\">\n\t\t\t<div class=\"elementor-widget-wrap\">\n\t\t\t\t\t\t\t\t\t<\/div>\n\t\t<\/div>\n\t\t\t\t<div class=\"elementor-column elementor-col-50 elementor-top-column elementor-element elementor-element-af6f1a4\" data-id=\"af6f1a4\" data-element_type=\"column\">\n\t\t\t<div class=\"elementor-widget-wrap elementor-element-populated\">\n\t\t\t\t\t\t\t\t<div class=\"elementor-element elementor-element-c1dbf63 elementor-widget elementor-widget-text-editor\" data-id=\"c1dbf63\" data-element_type=\"widget\" data-widget_type=\"text-editor.default\">\n\t\t\t\t<div class=\"elementor-widget-container\">\n\t\t\t\t\t\t\t<p><span class=\"TextRun SCXW231224815 BCX0\" lang=\"HR-HR\" xml:lang=\"HR-HR\" data-contrast=\"auto\"><span class=\"NormalTextRun SCXW231224815 BCX0\">Tvrtka <\/span><span class=\"NormalTextRun SpellingErrorV2Themed SCXW231224815 BCX0\">Adriateh<\/span><span class=\"NormalTextRun SCXW231224815 BCX0\"> osvojila je nagradu za dizajn svoje punionice elektri\u010dnih vozila na me\u0111unarodnoj dodjeli International Forum (<\/span><span class=\"NormalTextRun SpellingErrorV2Themed SCXW231224815 BCX0\">iF<\/span><span class=\"NormalTextRun SCXW231224815 BCX0\">) Design <\/span><span class=\"NormalTextRun SpellingErrorV2Themed SCXW231224815 BCX0\">Award<\/span><span class=\"NormalTextRun SCXW231224815 BCX0\"> 2023. Rije\u010d je o presti\u017enom me\u0111unarodnom\u00a0 n<\/span><span class=\"NormalTextRun SCXW231224815 BCX0\">atjecanju u podru\u010dju dizajna, a nagra\u0111eni <\/span><span class=\"NormalTextRun SCXW231224815 BCX0\">ure\u0111aj je funkcionalna integracija punionice elektri\u010dnih vozila u rasvjetni stup. <\/span><\/span><span class=\"EOP SCXW231224815 BCX0\" data-ccp-props=\"{&quot;134233117&quot;:false,&quot;134233118&quot;:false,&quot;201341983&quot;:0,&quot;335551550&quot;:1,&quot;335551620&quot;:1,&quot;335559685&quot;:0,&quot;335559737&quot;:0,&quot;335559738&quot;:0,&quot;335559739&quot;:160,&quot;335559740&quot;:259}\">\u00a0<\/span><\/p>\t\t\t\t\t\t<\/div>\n\t\t\t\t<\/div>\n\t\t\t\t<div class=\"elementor-element elementor-element-bcc6943 elementor-widget elementor-widget-text-editor\" data-id=\"bcc6943\" data-element_type=\"widget\" data-widget_type=\"text-editor.default\">\n\t\t\t\t<div class=\"elementor-widget-container\">\n\t\t\t\t\t\t\t<p><span data-contrast=\"auto\">Adriateh d.o.o., jedan od vode\u0107ih europskih proizvo\u0111a\u010da samoposlu\u017enih autopraonica, na tr\u017ei\u0161te elektri\u010dne mobilnosti je u\u0161ao na najbolji mogu\u0107i na\u010din &#8211; osvajanjem presti\u017ene dizajnerske nagrade iF Design Award za P2 punionicu elektri\u010dnih vozila. <\/span><span data-ccp-props=\"{&quot;134233117&quot;:false,&quot;134233118&quot;:false,&quot;201341983&quot;:0,&quot;335551550&quot;:1,&quot;335551620&quot;:1,&quot;335559685&quot;:0,&quot;335559737&quot;:0,&quot;335559738&quot;:0,&quot;335559739&quot;:160,&quot;335559740&quot;:259}\">\u00a0<\/span><\/p><p><span data-contrast=\"auto\">P2 predstavlja besprimjernu integraciju punionice i rasvjetnog stupa u zapanjuju\u0107oj konstrukciji, a izvrsnost dizajna prepoznata je i u me\u0111unarodnoj konkurenciji s vi\u0161e od 11.000 prijava iz 57 zemalja.<\/span><span data-ccp-props=\"{&quot;134233117&quot;:false,&quot;134233118&quot;:false,&quot;201341983&quot;:0,&quot;335551550&quot;:1,&quot;335551620&quot;:1,&quot;335559685&quot;:0,&quot;335559737&quot;:0,&quot;335559738&quot;:0,&quot;335559739&quot;:160,&quot;335559740&quot;:259}\">\u00a0<\/span><\/p><p><span data-contrast=\"auto\">\u201cPotra\u017enja za punionicama elektri\u010dnih vozila je globalna, a jedan od izazova je osigurati izvor energije za rad punionice na prostorno zahtjevnim podru\u010djima&#8221;, komentirao je Zoran \u0160vraka, \u010dlan uprave tvrtke Adriateh i dizajner nagra\u0111ene punionice. <\/span><span data-ccp-props=\"{&quot;134233117&quot;:false,&quot;134233118&quot;:false,&quot;201341983&quot;:0,&quot;335551550&quot;:1,&quot;335551620&quot;:1,&quot;335559685&quot;:0,&quot;335559737&quot;:0,&quot;335559738&quot;:0,&quot;335559739&quot;:160,&quot;335559740&quot;:259}\">\u00a0<\/span><\/p><p><span data-contrast=\"auto\">\u201cNa\u0161 proizvod je funkcionalna integracija punionice elektri\u010dnih vozila i rasvjetnog stupa. Koristi postoje\u0107u elektri\u010dnu mre\u017eu za AC napajanje i LED rasvjetu. Prakti\u010dan je za kori\u0161tenje i lako se mo\u017ee ugraditi na privatne i javne povr\u0161ine, na parkirali\u0161ta ili ulice&#8221;, naglasio je \u0160vraka. <\/span><span data-ccp-props=\"{&quot;134233117&quot;:false,&quot;134233118&quot;:false,&quot;201341983&quot;:0,&quot;335551550&quot;:1,&quot;335551620&quot;:1,&quot;335559685&quot;:0,&quot;335559737&quot;:0,&quot;335559738&quot;:0,&quot;335559739&quot;:160,&quot;335559740&quot;:259}\">\u00a0<\/span><\/p><p><span data-contrast=\"auto\">P2 punionica je iz zelene energije dizajnirana i proizvedena u razvojno-istra\u017eiva\u010dkom centru Adriateha, a za konstrukciju su kori\u0161teni samo aluminij i nehr\u0111aju\u0107i \u010delik, bez plastika i boja. Snaga punjenja je dostupna u rasponu od 1,4 do 22 kW, a ure\u0111aj dolazi s dinami\u010dkim upravljanjem snage i kompatibilan je sa svim vozilima s Tip2 priklju\u010dkom.<\/span><span data-ccp-props=\"{&quot;134233117&quot;:false,&quot;134233118&quot;:false,&quot;201341983&quot;:0,&quot;335551550&quot;:1,&quot;335551620&quot;:1,&quot;335559685&quot;:0,&quot;335559737&quot;:0,&quot;335559738&quot;:0,&quot;335559739&quot;:160,&quot;335559740&quot;:259}\">\u00a0<\/span><\/p><p><span data-contrast=\"auto\">&#8220;Za razliku od sli\u010dnih punionica integriranih na rasvjetnu infrastrukturu, na\u0161 ure\u0111aj svoje funkcije mo\u017ee obavljati neovisno. U praksi to zna\u010di da svoj elektri\u010dni automobil mo\u017eete puniti neovisno o tome rado li rasvjeta ili ne&#8221;, dodao je Damir \u017divkovi\u0107, voditelj odjela EV punionica u Adriatehu. <\/span><span data-ccp-props=\"{&quot;134233117&quot;:false,&quot;134233118&quot;:false,&quot;201341983&quot;:0,&quot;335551550&quot;:1,&quot;335551620&quot;:1,&quot;335559685&quot;:0,&quot;335559737&quot;:0,&quot;335559738&quot;:0,&quot;335559739&quot;:160,&quot;335559740&quot;:259}\">\u00a0<\/span><\/p><p><span data-contrast=\"auto\">Nagra\u0111eni P2 je ve\u0107 dostupan na tr\u017ei\u0161tu na kojem, zajedno s ostalim punionicama Adriateha, nastupa pod brandom Stekerr, a vi\u0161e informacija o ure\u0111aju mogu\u0107e je doznati na <a href=\"https:\/\/stekerr.com\/p2\/\"><strong>LINKU<\/strong><\/a>.<\/span><\/p>\t\t\t\t\t\t<\/div>\n\t\t\t\t<\/div>\n\t\t\t\t<div class=\"elementor-element elementor-element-a4cf095 elementor-widget elementor-widget-image\" data-id=\"a4cf095\" data-element_type=\"widget\" data-widget_type=\"image.default\">\n\t\t\t\t<div class=\"elementor-widget-container\">\n\t\t\t\t\t\t\t\t\t\t\t\t\t\t\t<img loading=\"lazy\" decoding=\"async\" width=\"1024\" height=\"534\" src=\"https:\/\/stekerr.com\/wp-content\/uploads\/2023\/04\/design-award-1024x534.jpg\" class=\"attachment-large size-large wp-image-8094\" alt=\"\" srcset=\"https:\/\/stekerr.com\/wp-content\/uploads\/2023\/04\/design-award-1024x534.jpg 1024w, https:\/\/stekerr.com\/wp-content\/uploads\/2023\/04\/design-award-300x157.jpg 300w, https:\/\/stekerr.com\/wp-content\/uploads\/2023\/04\/design-award-768x401.jpg 768w, https:\/\/stekerr.com\/wp-content\/uploads\/2023\/04\/design-award-1536x802.jpg 1536w, https:\/\/stekerr.com\/wp-content\/uploads\/2023\/04\/design-award.jpg 1600w\" sizes=\"auto, (max-width: 1024px) 100vw, 1024px\" \/>\t\t\t\t\t\t\t\t\t\t\t\t\t\t\t<\/div>\n\t\t\t\t<\/div>\n\t\t\t\t\t<\/div>\n\t\t<\/div>\n\t\t\t\t<div class=\"elementor-column elementor-col-25 elementor-top-column elementor-element elementor-element-a603233\" data-id=\"a603233\" data-element_type=\"column\">\n\t\t\t<div class=\"elementor-widget-wrap\">\n\t\t\t\t\t\t\t\t\t<\/div>\n\t\t<\/div>\n\t\t\t\t\t\t\t<\/div>\n\t\t<\/section>\n\t\t\t\t\t\t\t<\/div>\n\t\t","protected":false},"excerpt":{"rendered":"<p>iF Design Award 2023 Stekerr P2 osvojio presti\u017enu dizajnersku nagradu iF Award 2023 Izvrsnost dizajna punionice elektri\u010dnih vozila integrirane u rasvjetni stup prepoznata je na me\u0111unarodnoj razini. Tvrtka Adriateh osvojila je nagradu za dizajn svoje punionice elektri\u010dnih vozila na me\u0111unarodnoj dodjeli International Forum (iF) Design Award 2023. Rije\u010d je o presti\u017enom me\u0111unarodnom\u00a0 natjecanju u podru\u010dju &hellip;<\/p>\n<p class=\"read-more\"> <a class=\"\" href=\"https:\/\/stekerr.com\/hr\/ele_custom_shapes\/at-shape\/\"> <span class=\"screen-reader-text\">AT Shape<\/span> Read More \u00bb<\/a><\/p>\n","protected":false},"author":1,"featured_media":0,"parent":0,"menu_order":0,"comment_status":"closed","ping_status":"closed","template":"elementor_header_footer","meta":{"_monsterinsights_skip_tracking":false,"_monsterinsights_sitenote_active":false,"_monsterinsights_sitenote_note":"","_monsterinsights_sitenote_category":0,"site-sidebar-layout":"default","site-content-layout":"default","ast-global-header-display":"","ast-main-header-display":"","ast-hfb-above-header-display":"","ast-hfb-below-header-display":"","ast-hfb-mobile-header-display":"","site-post-title":"","ast-breadcrumbs-content":"","ast-featured-img":"","footer-sml-layout":"","theme-transparent-header-meta":"","adv-header-id-meta":"","stick-header-meta":"","header-above-stick-meta":"","header-main-stick-meta":"","header-below-stick-meta":"","_themeisle_gutenberg_block_has_review":false,"footnotes":""},"class_list":["post-8092","page","type-page","status-publish","hentry"],"yoast_head":"<!-- This site is optimized with the Yoast SEO Premium plugin v20.7 (Yoast SEO v20.7) - https:\/\/yoast.com\/wordpress\/plugins\/seo\/ -->\n<title>Stekerr P2 osvojio presti\u017enu dizajnersku nagradu iF Award 2023 - Stekerr.com<\/title>\n<meta name=\"robots\" content=\"index, follow, max-snippet:-1, max-image-preview:large, max-video-preview:-1\" \/>\n<link rel=\"canonical\" href=\"https:\/\/stekerr.com\/hr\/stekerr-p2-osvojio-prestiznu-dizajnersku-nagradu-if-award-2023\/\" \/>\n<meta property=\"og:locale\" content=\"hr_HR\" \/>\n<meta property=\"og:type\" content=\"article\" \/>\n<meta property=\"og:title\" content=\"Presti\u017ena nagrada za hrvatsku punionicu koja je istovremeno i rasvjetni stup\" \/>\n<meta property=\"og:description\" content=\"Veliko me\u0111unarodno priznanje za P2 - novu hrvatsku punionicu!\" \/>\n<meta property=\"og:url\" content=\"https:\/\/stekerr.com\/hr\/stekerr-p2-osvojio-prestiznu-dizajnersku-nagradu-if-award-2023\/\" \/>\n<meta property=\"og:site_name\" content=\"Stekerr.com\" \/>\n<meta property=\"article:modified_time\" content=\"2023-04-19T07:53:50+00:00\" \/>\n<meta property=\"og:image\" content=\"https:\/\/stekerr.com\/wp-content\/uploads\/2023\/04\/design-award.jpg\" \/>\n\t<meta property=\"og:image:width\" content=\"1600\" \/>\n\t<meta property=\"og:image:height\" content=\"835\" \/>\n\t<meta property=\"og:image:type\" content=\"image\/jpeg\" \/>\n<meta name=\"twitter:card\" content=\"summary_large_image\" \/>\n<meta name=\"twitter:title\" content=\"Stekerr P2 osvojio presti\u017enu dizajnersku nagradu iF Award 2023\" \/>\n<meta name=\"twitter:label1\" content=\"Procijenjeno vrijeme \u010ditanja\" \/>\n\t<meta name=\"twitter:data1\" content=\"3 minute\" \/>\n<script type=\"application\/ld+json\" class=\"yoast-schema-graph\">{\"@context\":\"https:\/\/schema.org\",\"@graph\":[{\"@type\":\"WebPage\",\"@id\":\"https:\/\/stekerr.com\/hr\/stekerr-p2-osvojio-prestiznu-dizajnersku-nagradu-if-award-2023\/\",\"url\":\"https:\/\/stekerr.com\/hr\/stekerr-p2-osvojio-prestiznu-dizajnersku-nagradu-if-award-2023\/\",\"name\":\"Stekerr P2 osvojio presti\u017enu dizajnersku nagradu iF Award 2023 - Stekerr.com\",\"isPartOf\":{\"@id\":\"https:\/\/stekerr.com\/hr\/#website\"},\"datePublished\":\"2023-04-18T08:46:01+00:00\",\"dateModified\":\"2023-04-19T07:53:50+00:00\",\"breadcrumb\":{\"@id\":\"https:\/\/stekerr.com\/hr\/stekerr-p2-osvojio-prestiznu-dizajnersku-nagradu-if-award-2023\/#breadcrumb\"},\"inLanguage\":\"hr\",\"potentialAction\":[{\"@type\":\"ReadAction\",\"target\":[\"https:\/\/stekerr.com\/hr\/stekerr-p2-osvojio-prestiznu-dizajnersku-nagradu-if-award-2023\/\"]}]},{\"@type\":\"BreadcrumbList\",\"@id\":\"https:\/\/stekerr.com\/hr\/stekerr-p2-osvojio-prestiznu-dizajnersku-nagradu-if-award-2023\/#breadcrumb\",\"itemListElement\":[{\"@type\":\"ListItem\",\"position\":1,\"name\":\"Po\u010detna stranica\",\"item\":\"https:\/\/stekerr.com\/hr\/\"},{\"@type\":\"ListItem\",\"position\":2,\"name\":\"Stekerr P2 osvojio presti\u017enu dizajnersku nagradu iF Award 2023\"}]},{\"@type\":\"WebSite\",\"@id\":\"https:\/\/stekerr.com\/hr\/#website\",\"url\":\"https:\/\/stekerr.com\/hr\/\",\"name\":\"Stekerr.com\",\"description\":\"Stay ON!\",\"publisher\":{\"@id\":\"https:\/\/stekerr.com\/hr\/#organization\"},\"potentialAction\":[{\"@type\":\"SearchAction\",\"target\":{\"@type\":\"EntryPoint\",\"urlTemplate\":\"https:\/\/stekerr.com\/hr\/?s={search_term_string}\"},\"query-input\":\"required name=search_term_string\"}],\"inLanguage\":\"hr\"},{\"@type\":\"Organization\",\"@id\":\"https:\/\/stekerr.com\/hr\/#organization\",\"name\":\"Stekerr.com\",\"url\":\"https:\/\/stekerr.com\/hr\/\",\"logo\":{\"@type\":\"ImageObject\",\"inLanguage\":\"hr\",\"@id\":\"https:\/\/stekerr.com\/hr\/#\/schema\/logo\/image\/\",\"url\":\"https:\/\/stekerr.com\/wp-content\/uploads\/2022\/12\/Stekerr-logo.png\",\"contentUrl\":\"https:\/\/stekerr.com\/wp-content\/uploads\/2022\/12\/Stekerr-logo.png\",\"width\":918,\"height\":140,\"caption\":\"Stekerr.com\"},\"image\":{\"@id\":\"https:\/\/stekerr.com\/hr\/#\/schema\/logo\/image\/\"}}]}<\/script>\n<!-- \/ Yoast SEO Premium plugin. -->","yoast_head_json":{"title":"Stekerr P2 osvojio presti\u017enu dizajnersku nagradu iF Award 2023 - Stekerr.com","robots":{"index":"index","follow":"follow","max-snippet":"max-snippet:-1","max-image-preview":"max-image-preview:large","max-video-preview":"max-video-preview:-1"},"canonical":"https:\/\/stekerr.com\/hr\/stekerr-p2-osvojio-prestiznu-dizajnersku-nagradu-if-award-2023\/","og_locale":"hr_HR","og_type":"article","og_title":"Presti\u017ena nagrada za hrvatsku punionicu koja je istovremeno i rasvjetni stup","og_description":"Veliko me\u0111unarodno priznanje za P2 - novu hrvatsku punionicu!","og_url":"https:\/\/stekerr.com\/hr\/stekerr-p2-osvojio-prestiznu-dizajnersku-nagradu-if-award-2023\/","og_site_name":"Stekerr.com","article_modified_time":"2023-04-19T07:53:50+00:00","og_image":[{"width":1600,"height":835,"url":"https:\/\/stekerr.com\/wp-content\/uploads\/2023\/04\/design-award.jpg","type":"image\/jpeg"}],"twitter_card":"summary_large_image","twitter_title":"Stekerr P2 osvojio presti\u017enu dizajnersku nagradu iF Award 2023","twitter_misc":{"Procijenjeno vrijeme \u010ditanja":"3 minute"},"schema":{"@context":"https:\/\/schema.org","@graph":[{"@type":"WebPage","@id":"https:\/\/stekerr.com\/hr\/stekerr-p2-osvojio-prestiznu-dizajnersku-nagradu-if-award-2023\/","url":"https:\/\/stekerr.com\/hr\/stekerr-p2-osvojio-prestiznu-dizajnersku-nagradu-if-award-2023\/","name":"Stekerr P2 osvojio presti\u017enu dizajnersku nagradu iF Award 2023 - Stekerr.com","isPartOf":{"@id":"https:\/\/stekerr.com\/hr\/#website"},"datePublished":"2023-04-18T08:46:01+00:00","dateModified":"2023-04-19T07:53:50+00:00","breadcrumb":{"@id":"https:\/\/stekerr.com\/hr\/stekerr-p2-osvojio-prestiznu-dizajnersku-nagradu-if-award-2023\/#breadcrumb"},"inLanguage":"hr","potentialAction":[{"@type":"ReadAction","target":["https:\/\/stekerr.com\/hr\/stekerr-p2-osvojio-prestiznu-dizajnersku-nagradu-if-award-2023\/"]}]},{"@type":"BreadcrumbList","@id":"https:\/\/stekerr.com\/hr\/stekerr-p2-osvojio-prestiznu-dizajnersku-nagradu-if-award-2023\/#breadcrumb","itemListElement":[{"@type":"ListItem","position":1,"name":"Po\u010detna stranica","item":"https:\/\/stekerr.com\/hr\/"},{"@type":"ListItem","position":2,"name":"Stekerr P2 osvojio presti\u017enu dizajnersku nagradu iF Award 2023"}]},{"@type":"WebSite","@id":"https:\/\/stekerr.com\/hr\/#website","url":"https:\/\/stekerr.com\/hr\/","name":"Stekerr.com","description":"Stay ON!","publisher":{"@id":"https:\/\/stekerr.com\/hr\/#organization"},"potentialAction":[{"@type":"SearchAction","target":{"@type":"EntryPoint","urlTemplate":"https:\/\/stekerr.com\/hr\/?s={search_term_string}"},"query-input":"required name=search_term_string"}],"inLanguage":"hr"},{"@type":"Organization","@id":"https:\/\/stekerr.com\/hr\/#organization","name":"Stekerr.com","url":"https:\/\/stekerr.com\/hr\/","logo":{"@type":"ImageObject","inLanguage":"hr","@id":"https:\/\/stekerr.com\/hr\/#\/schema\/logo\/image\/","url":"https:\/\/stekerr.com\/wp-content\/uploads\/2022\/12\/Stekerr-logo.png","contentUrl":"https:\/\/stekerr.com\/wp-content\/uploads\/2022\/12\/Stekerr-logo.png","width":918,"height":140,"caption":"Stekerr.com"},"image":{"@id":"https:\/\/stekerr.com\/hr\/#\/schema\/logo\/image\/"}}]}},"_links":{"self":[{"href":"https:\/\/stekerr.com\/hr\/wp-json\/wp\/v2\/pages\/8092","targetHints":{"allow":["GET"]}}],"collection":[{"href":"https:\/\/stekerr.com\/hr\/wp-json\/wp\/v2\/pages"}],"about":[{"href":"https:\/\/stekerr.com\/hr\/wp-json\/wp\/v2\/types\/page"}],"author":[{"embeddable":true,"href":"https:\/\/stekerr.com\/hr\/wp-json\/wp\/v2\/users\/1"}],"replies":[{"embeddable":true,"href":"https:\/\/stekerr.com\/hr\/wp-json\/wp\/v2\/comments?post=8092"}],"version-history":[{"count":23,"href":"https:\/\/stekerr.com\/hr\/wp-json\/wp\/v2\/pages\/8092\/revisions"}],"predecessor-version":[{"id":8139,"href":"https:\/\/stekerr.com\/hr\/wp-json\/wp\/v2\/pages\/8092\/revisions\/8139"}],"wp:attachment":[{"href":"https:\/\/stekerr.com\/hr\/wp-json\/wp\/v2\/media?parent=8092"}],"curies":[{"name":"wp","href":"https:\/\/api.w.org\/{rel}","templated":true}]}}